{"version":"1.0","provider_name":"LEGS &Eacute;DITION","provider_url":"https:\/\/legsedition.net\/public","author_name":"legs_edition","author_url":"https:\/\/legsedition.net\/public\/author\/djason_2015\/","title":"Eld\u00e9ric et le monde magique de Marie Desvignes | LEGS &Eacute;DITION","type":"rich","width":600,"height":338,"html":"<blockquote class=\"wp-embedded-content\" data-secret=\"6rLiUVHoR7\"><a href=\"https:\/\/legsedition.net\/public\/2019\/08\/03\/elderic-et-le-monde-magique-de-marie-desvignes\/\">Eld\u00e9ric et le monde magique de Marie Desvignes<\/a><\/blockquote><iframe sandbox=\"allow-scripts\" security=\"restricted\" src=\"https:\/\/legsedition.net\/public\/2019\/08\/03\/elderic-et-le-monde-magique-de-marie-desvignes\/embed\/#?secret=6rLiUVHoR7\" width=\"600\" height=\"338\" title=\"\u00ab\u00a0Eld\u00e9ric et le monde magique de Marie Desvignes\u00a0\u00bb &#8212; LEGS &Eacute;DITION\" data-secret=\"6rLiUVHoR7\" frameborder=\"0\" marginwidth=\"0\" marginheight=\"0\" scrolling=\"no\" class=\"wp-embedded-content\"><\/iframe><script type=\"text\/javascript\">\n\/* <![CDATA[ *\/\n\/*! This file is auto-generated *\/\n!function(d,l){\"use strict\";l.querySelector&&d.addEventListener&&\"undefined\"!=typeof URL&&(d.wp=d.wp||{},d.wp.receiveEmbedMessage||(d.wp.receiveEmbedMessage=function(e){var t=e.data;if((t||t.secret||t.message||t.value)&&!\/[^a-zA-Z0-9]\/.test(t.secret)){for(var s,r,n,a=l.querySelectorAll('iframe[data-secret=\"'+t.secret+'\"]'),o=l.querySelectorAll('blockquote[data-secret=\"'+t.secret+'\"]'),c=new RegExp(\"^https?:$\",\"i\"),i=0;i<o.length;i++)o[i].style.display=\"none\";for(i=0;i<a.length;i++)s=a[i],e.source===s.contentWindow&&(s.removeAttribute(\"style\"),\"height\"===t.message?(1e3<(r=parseInt(t.value,10))?r=1e3:~~r<200&&(r=200),s.height=r):\"link\"===t.message&&(r=new URL(s.getAttribute(\"src\")),n=new URL(t.value),c.test(n.protocol))&&n.host===r.host&&l.activeElement===s&&(d.top.location.href=t.value))}},d.addEventListener(\"message\",d.wp.receiveEmbedMessage,!1),l.addEventListener(\"DOMContentLoaded\",function(){for(var e,t,s=l.querySelectorAll(\"iframe.wp-embedded-content\"),r=0;r<s.length;r++)(t=(e=s[r]).getAttribute(\"data-secret\"))||(t=Math.random().toString(36).substring(2,12),e.src+=\"#?secret=\"+t,e.setAttribute(\"data-secret\",t)),e.contentWindow.postMessage({message:\"ready\",secret:t},\"*\")},!1)))}(window,document);\n\/\/# sourceURL=https:\/\/legsedition.net\/public\/wp-includes\/js\/wp-embed.min.js\n\/* ]]> *\/\n<\/script>\n","thumbnail_url":"https:\/\/legsedition.net\/public\/wp-content\/uploads\/2019\/08\/elderic_et_le_livre.png","thumbnail_width":356,"thumbnail_height":276,"description":"\u00ab Eld\u00e9ric et le Livre des Mondes \u00bb est un roman d&rsquo;aventures \u00e9crit par Marie Desvignes et publi\u00e9 en mai 2019 dans la collection Jeunesse dirig\u00e9e par Mirline Pierre. N\u00e9e en 1961 \u00e0 Port-de-Bouc dans le Sud de la France,..."}